{"id":10409,"date":"2026-05-30T22:39:34","date_gmt":"2026-05-30T19:39:34","guid":{"rendered":"https:\/\/rentaluxcar.com\/?post_type=portfolio&#038;p=10409"},"modified":"2026-05-30T22:39:38","modified_gmt":"2026-05-30T19:39:38","slug":"mercedes-e-klasse-mieten","status":"publish","type":"portfolio","link":"https:\/\/rentaluxcar.com\/de\/soforlu-luks-arac-kirala\/mercedes-e-class-kiralama\/","title":{"rendered":"Mercedes E-Klasse mieten"},"content":{"rendered":"","protected":false},"excerpt":{"rendered":"<p>Der <strong>Mercedes-Benz E-Klasse<\/strong> Die E-Klasse vereint Luxus, Leistung und Eleganz in perfekter Harmonie und z\u00e4hlt damit zu den beliebtesten Fahrzeugen f\u00fcr den Transport von F\u00fchrungskr\u00e4ften und Premium-Reisedienstleistungen. Konzipiert f\u00fcr G\u00e4ste, die Wert auf Komfort und Professionalit\u00e4t legen, bietet die E-Klasse mit ihrem ger\u00e4umigen Innenraum, modernster Technologie und elegantem Design ein exklusives Reiseerlebnis.<\/p>\n<p>Die Mercedes-Benz E-Klasse ist ideal f\u00fcr Gesch\u00e4ftstreffen, Flughafentransfers, Hotelfahrten und private Reisen und bietet Ihnen in jeder Situation eine komfortable und angenehme Fahrt. Mit dem professionellen Chauffeurservice von RENTALUXCAR erleben Sie zuverl\u00e4ssigen, stilvollen und stressfreien Transport, ganz nach Ihren W\u00fcnschen.<\/p>","protected":false},"author":3,"featured_media":11390,"menu_order":2,"comment_status":"closed","ping_status":"closed","template":"","meta":{"rs_blank_template":"","rs_page_bg_color":"","slide_template_v7":""},"portfolio-types":[20,29],"class_list":["post-10409","portfolio","type-portfolio","status-publish","has-post-thumbnail","hentry","portfolio-types-luxury-sedan","portfolio-types-our-fleet"],"_links":{"self":[{"href":"https:\/\/rentaluxcar.com\/de\/wp-json\/wp\/v2\/portfolio\/10409","targetHints":{"allow":["GET"]}}],"collection":[{"href":"https:\/\/rentaluxcar.com\/de\/wp-json\/wp\/v2\/portfolio"}],"about":[{"href":"https:\/\/rentaluxcar.com\/de\/wp-json\/wp\/v2\/types\/portfolio"}],"author":[{"embeddable":true,"href":"https:\/\/rentaluxcar.com\/de\/wp-json\/wp\/v2\/users\/3"}],"replies":[{"embeddable":true,"href":"https:\/\/rentaluxcar.com\/de\/wp-json\/wp\/v2\/comments?post=10409"}],"wp:featuredmedia":[{"embeddable":true,"href":"https:\/\/rentaluxcar.com\/de\/wp-json\/wp\/v2\/media\/11390"}],"wp:attachment":[{"href":"https:\/\/rentaluxcar.com\/de\/wp-json\/wp\/v2\/media?parent=10409"}],"wp:term":[{"taxonomy":"portfolio-types","embeddable":true,"href":"https:\/\/rentaluxcar.com\/de\/wp-json\/wp\/v2\/portfolio-types?post=10409"}],"curies":[{"name":"wp","href":"https:\/\/api.w.org\/{rel}","templated":true}]}}